{"id":34532,"date":"2020-04-08T10:16:45","date_gmt":"2020-04-08T08:16:45","guid":{"rendered":"https:\/\/www.swiss-composite.ch\/suter-kunststoffe-ag\/"},"modified":"2020-04-08T15:54:20","modified_gmt":"2020-04-08T13:54:20","slug":"suter-kunststoffe-ag","status":"publish","type":"page","link":"https:\/\/www.swiss-composite.ch\/fr\/suter-kunststoffe-ag\/","title":{"rendered":"\u00c0 propos de Suter Kunststoffe AG"},"content":{"rendered":"<div class=\"flex_column av_one_full  flex_column_div av-zero-column-padding first  \" style='border-radius:0px; '><p><div style='padding-bottom:10px;' class='av-special-heading av-special-heading-h4     '><h4 class='av-special-heading-tag '  itemprop=\"headline\"  >Commerce<\/h4><div class='special-heading-border'><div class='special-heading-inner-border' ><\/div><\/div><\/div><br \/>\n<section class=\"av_textblock_section \"  itemscope=\"itemscope\" itemtype=\"https:\/\/schema.org\/CreativeWork\" ><div class='avia_textblock  '   itemprop=\"text\" ><p> La soci\u00e9t\u00e9 commerciale existe depuis 1980 et Suter-Kunststoffe AG a \u00e9t\u00e9 fond\u00e9e le 31 ao\u00fbt 1989. La Troller Kunststoffe AG est maintenant enti\u00e8rement int\u00e9gr\u00e9e \u00e0 la Suter-Kunststoffe AG et n&rsquo;existe plus en tant que soci\u00e9t\u00e9 anonyme.<\/p>\n<\/div><\/section><\/p><\/div><div class=\"flex_column av_one_full  flex_column_div av-zero-column-padding first  \" style='border-radius:0px; '><p><div style='padding-bottom:10px;' class='av-special-heading av-special-heading-h4     '><h4 class='av-special-heading-tag '  itemprop=\"headline\"  >Production<\/h4><div class='special-heading-border'><div class='special-heading-inner-border' ><\/div><\/div><\/div><br \/>\n<section class=\"av_textblock_section \"  itemscope=\"itemscope\" itemtype=\"https:\/\/schema.org\/CreativeWork\" ><div class='avia_textblock  '   itemprop=\"text\" ><p> Nous ne fabriquons que quelques produits nous-m\u00eames, mais nous travaillons beaucoup avec des sous-traitants sp\u00e9cialis\u00e9s et des sp\u00e9cialistes des commandes sp\u00e9cifiques, tant au niveau national qu&rsquo;\u00e0 l&rsquo;\u00e9tranger.<\/p>\n<\/div><\/section><\/p><\/div><div class=\"flex_column av_one_full  flex_column_div av-zero-column-padding first  \" style='border-radius:0px; '><p><div style='padding-bottom:10px;' class='av-special-heading av-special-heading-h4     '><h4 class='av-special-heading-tag '  itemprop=\"headline\"  >Conseils<\/h4><div class='special-heading-border'><div class='special-heading-inner-border' ><\/div><\/div><\/div><br \/>\n<section class=\"av_textblock_section \"  itemscope=\"itemscope\" itemtype=\"https:\/\/schema.org\/CreativeWork\" ><div class='avia_textblock  '   itemprop=\"text\" ><p> Nous sommes toujours disponibles pour des conseils sur les produits. Nous vous soumettons volontiers une offre de conseil, de formation ou de cours en rapport avec l&rsquo;objet, sur place ou dans nos propres salles de cours.<\/p>\n<p>Nous sommes impatients de vous entendre !<\/p>\n<\/div><\/section><\/p><\/div><div style='padding-bottom:10px;' class='av-special-heading av-special-heading-h4     '><h4 class='av-special-heading-tag '  itemprop=\"headline\"  >Impressions<\/h4><div class='special-heading-border'><div class='special-heading-inner-border' ><\/div><\/div><\/div><\/p>\n<div class=\"flex_column av_one_third  flex_column_div av-zero-column-padding first  \" style='border-radius:0px; '><div class='avia-image-container  av-styling-    avia-align-center '  itemscope=\"itemscope\" itemtype=\"https:\/\/schema.org\/ImageObject\"  ><div class='avia-image-container-inner'><a href='https:\/\/www.swiss-composite.ch\/wp-content\/uploads\/2015\/09\/suku1-e1445518528717.jpg' class='avia_image'  ><img class='avia_image ' src='https:\/\/www.swiss-composite.ch\/wp-content\/uploads\/2015\/09\/suku1-e1445518528717-300x189.jpg' alt='' title='Suter Kunststoffe'  itemprop=\"thumbnailUrl\"  \/><\/a><\/div><\/div><\/div>\n<div class=\"flex_column av_one_third  flex_column_div av-zero-column-padding   \" style='border-radius:0px; '><div class='avia-image-container  av-styling-    avia-align-center '  itemscope=\"itemscope\" itemtype=\"https:\/\/schema.org\/ImageObject\"  ><div class='avia-image-container-inner'><a href='https:\/\/www.swiss-composite.ch\/wp-content\/uploads\/2015\/09\/IMG_1006-e1445518993983-1024x668.jpg' class='avia_image'  ><img class='avia_image ' src='https:\/\/www.swiss-composite.ch\/wp-content\/uploads\/2015\/09\/IMG_1006-e1445518993983-300x196.jpg' alt='' title='Lager Suter Kunststoffe AG'  itemprop=\"thumbnailUrl\"  \/><\/a><\/div><\/div><\/div>\n<div class=\"flex_column av_one_third  flex_column_div av-zero-column-padding   \" style='border-radius:0px; '><div class='avia-image-container  av-styling-    avia-align-center '  itemscope=\"itemscope\" itemtype=\"https:\/\/schema.org\/ImageObject\"  ><div class='avia-image-container-inner'><a href='https:\/\/www.swiss-composite.ch\/wp-content\/uploads\/2016\/05\/suku2.jpg' class='avia_image'  ><img class='avia_image ' src='https:\/\/www.swiss-composite.ch\/wp-content\/uploads\/2016\/05\/suku2-300x214.jpg' alt='' title='Suter Kunststoffe'  itemprop=\"thumbnailUrl\"  \/><\/a><\/div><\/div><\/div>\n","protected":false},"excerpt":{"rendered":"","protected":false},"author":1,"featured_media":0,"parent":0,"menu_order":33,"comment_status":"closed","ping_status":"closed","template":"","meta":{"footnotes":""},"class_list":["post-34532","page","type-page","status-publish","hentry"],"yoast_head":"<!-- This site is optimized with the Yoast SEO plugin v28.4 - https:\/\/yoast.com\/product\/yoast-seo-wordpress\/ -->\n<title>\u00c0 propos de Suter Kunststoffe AG - Suter Kunststoffe AG<\/title>\n<meta name=\"description\" content=\"Suter Kunststoffe ist ein in der Schweiz f\u00fchrendes Unternehmen f\u00fcr Beratung und Verkauf von Faserverbundwerkstoffen und Fl\u00fcssigkunststoffen.\" \/>\n<meta name=\"robots\" content=\"index, follow, max-snippet:-1, max-image-preview:large, max-video-preview:-1\" \/>\n<link rel=\"canonical\" href=\"https:\/\/www.swiss-composite.ch\/fr\/suter-kunststoffe-ag\/\" \/>\n<meta property=\"og:locale\" content=\"fr_FR\" \/>\n<meta property=\"og:type\" content=\"article\" \/>\n<meta property=\"og:title\" content=\"\u00c0 propos de Suter Kunststoffe AG - Suter Kunststoffe AG\" \/>\n<meta property=\"og:description\" content=\"Suter Kunststoffe ist ein in der Schweiz f\u00fchrendes Unternehmen f\u00fcr Beratung und Verkauf von Faserverbundwerkstoffen und Fl\u00fcssigkunststoffen.\" \/>\n<meta property=\"og:url\" content=\"https:\/\/www.swiss-composite.ch\/fr\/suter-kunststoffe-ag\/\" \/>\n<meta property=\"og:site_name\" content=\"Suter Kunststoffe AG\" \/>\n<meta property=\"article:modified_time\" content=\"2020-04-08T13:54:20+00:00\" \/>\n<meta name=\"twitter:label1\" content=\"Dur\u00e9e de lecture estim\u00e9e\" \/>\n\t<meta name=\"twitter:data1\" content=\"4 minutes\" \/>\n<script type=\"application\/ld+json\" class=\"yoast-schema-graph\">{\"@context\":\"https:\\\/\\\/schema.org\",\"@graph\":[{\"@type\":\"WebPage\",\"@id\":\"https:\\\/\\\/www.swiss-composite.ch\\\/fr\\\/suter-kunststoffe-ag\\\/\",\"url\":\"https:\\\/\\\/www.swiss-composite.ch\\\/fr\\\/suter-kunststoffe-ag\\\/\",\"name\":\"\u00c0 propos de Suter Kunststoffe AG - Suter Kunststoffe AG\",\"isPartOf\":{\"@id\":\"https:\\\/\\\/www.swiss-composite.ch\\\/fr\\\/#website\"},\"datePublished\":\"2020-04-08T08:16:45+00:00\",\"dateModified\":\"2020-04-08T13:54:20+00:00\",\"description\":\"Suter Kunststoffe ist ein in der Schweiz f\u00fchrendes Unternehmen f\u00fcr Beratung und Verkauf von Faserverbundwerkstoffen und Fl\u00fcssigkunststoffen.\",\"breadcrumb\":{\"@id\":\"https:\\\/\\\/www.swiss-composite.ch\\\/fr\\\/suter-kunststoffe-ag\\\/#breadcrumb\"},\"inLanguage\":\"fr-FR\",\"potentialAction\":[{\"@type\":\"ReadAction\",\"target\":[\"https:\\\/\\\/www.swiss-composite.ch\\\/fr\\\/suter-kunststoffe-ag\\\/\"]}]},{\"@type\":\"BreadcrumbList\",\"@id\":\"https:\\\/\\\/www.swiss-composite.ch\\\/fr\\\/suter-kunststoffe-ag\\\/#breadcrumb\",\"itemListElement\":[{\"@type\":\"ListItem\",\"position\":1,\"name\":\"Home\",\"item\":\"https:\\\/\\\/www.swiss-composite.ch\\\/fr\\\/\"},{\"@type\":\"ListItem\",\"position\":2,\"name\":\"\u00c0 propos de Suter Kunststoffe AG\"}]},{\"@type\":\"WebSite\",\"@id\":\"https:\\\/\\\/www.swiss-composite.ch\\\/fr\\\/#website\",\"url\":\"https:\\\/\\\/www.swiss-composite.ch\\\/fr\\\/\",\"name\":\"Suter Kunststoffe AG\",\"description\":\"Faserverbund- und Fl\u00fcssigkunststoffe\",\"potentialAction\":[{\"@type\":\"SearchAction\",\"target\":{\"@type\":\"EntryPoint\",\"urlTemplate\":\"https:\\\/\\\/www.swiss-composite.ch\\\/fr\\\/?s={search_term_string}\"},\"query-input\":{\"@type\":\"PropertyValueSpecification\",\"valueRequired\":true,\"valueName\":\"search_term_string\"}}],\"inLanguage\":\"fr-FR\"}]}<\/script>\n<!-- \/ Yoast SEO plugin. -->","yoast_head_json":{"title":"\u00c0 propos de Suter Kunststoffe AG - Suter Kunststoffe AG","description":"Suter Kunststoffe ist ein in der Schweiz f\u00fchrendes Unternehmen f\u00fcr Beratung und Verkauf von Faserverbundwerkstoffen und Fl\u00fcssigkunststoffen.","robots":{"index":"index","follow":"follow","max-snippet":"max-snippet:-1","max-image-preview":"max-image-preview:large","max-video-preview":"max-video-preview:-1"},"canonical":"https:\/\/www.swiss-composite.ch\/fr\/suter-kunststoffe-ag\/","og_locale":"fr_FR","og_type":"article","og_title":"\u00c0 propos de Suter Kunststoffe AG - Suter Kunststoffe AG","og_description":"Suter Kunststoffe ist ein in der Schweiz f\u00fchrendes Unternehmen f\u00fcr Beratung und Verkauf von Faserverbundwerkstoffen und Fl\u00fcssigkunststoffen.","og_url":"https:\/\/www.swiss-composite.ch\/fr\/suter-kunststoffe-ag\/","og_site_name":"Suter Kunststoffe AG","article_modified_time":"2020-04-08T13:54:20+00:00","twitter_misc":{"Dur\u00e9e de lecture estim\u00e9e":"4 minutes"},"schema":{"@context":"https:\/\/schema.org","@graph":[{"@type":"WebPage","@id":"https:\/\/www.swiss-composite.ch\/fr\/suter-kunststoffe-ag\/","url":"https:\/\/www.swiss-composite.ch\/fr\/suter-kunststoffe-ag\/","name":"\u00c0 propos de Suter Kunststoffe AG - Suter Kunststoffe AG","isPartOf":{"@id":"https:\/\/www.swiss-composite.ch\/fr\/#website"},"datePublished":"2020-04-08T08:16:45+00:00","dateModified":"2020-04-08T13:54:20+00:00","description":"Suter Kunststoffe ist ein in der Schweiz f\u00fchrendes Unternehmen f\u00fcr Beratung und Verkauf von Faserverbundwerkstoffen und Fl\u00fcssigkunststoffen.","breadcrumb":{"@id":"https:\/\/www.swiss-composite.ch\/fr\/suter-kunststoffe-ag\/#breadcrumb"},"inLanguage":"fr-FR","potentialAction":[{"@type":"ReadAction","target":["https:\/\/www.swiss-composite.ch\/fr\/suter-kunststoffe-ag\/"]}]},{"@type":"BreadcrumbList","@id":"https:\/\/www.swiss-composite.ch\/fr\/suter-kunststoffe-ag\/#breadcrumb","itemListElement":[{"@type":"ListItem","position":1,"name":"Home","item":"https:\/\/www.swiss-composite.ch\/fr\/"},{"@type":"ListItem","position":2,"name":"\u00c0 propos de Suter Kunststoffe AG"}]},{"@type":"WebSite","@id":"https:\/\/www.swiss-composite.ch\/fr\/#website","url":"https:\/\/www.swiss-composite.ch\/fr\/","name":"Suter Kunststoffe AG","description":"Faserverbund- und Fl\u00fcssigkunststoffe","potentialAction":[{"@type":"SearchAction","target":{"@type":"EntryPoint","urlTemplate":"https:\/\/www.swiss-composite.ch\/fr\/?s={search_term_string}"},"query-input":{"@type":"PropertyValueSpecification","valueRequired":true,"valueName":"search_term_string"}}],"inLanguage":"fr-FR"}]}},"_links":{"self":[{"href":"https:\/\/www.swiss-composite.ch\/fr\/wp-json\/wp\/v2\/pages\/34532","targetHints":{"allow":["GET"]}}],"collection":[{"href":"https:\/\/www.swiss-composite.ch\/fr\/wp-json\/wp\/v2\/pages"}],"about":[{"href":"https:\/\/www.swiss-composite.ch\/fr\/wp-json\/wp\/v2\/types\/page"}],"author":[{"embeddable":true,"href":"https:\/\/www.swiss-composite.ch\/fr\/wp-json\/wp\/v2\/users\/1"}],"replies":[{"embeddable":true,"href":"https:\/\/www.swiss-composite.ch\/fr\/wp-json\/wp\/v2\/comments?post=34532"}],"version-history":[{"count":3,"href":"https:\/\/www.swiss-composite.ch\/fr\/wp-json\/wp\/v2\/pages\/34532\/revisions"}],"predecessor-version":[{"id":34581,"href":"https:\/\/www.swiss-composite.ch\/fr\/wp-json\/wp\/v2\/pages\/34532\/revisions\/34581"}],"wp:attachment":[{"href":"https:\/\/www.swiss-composite.ch\/fr\/wp-json\/wp\/v2\/media?parent=34532"}],"curies":[{"name":"wp","href":"https:\/\/api.w.org\/{rel}","templated":true}]}}