{"id":34575,"date":"2020-04-08T15:36:47","date_gmt":"2020-04-08T13:36:47","guid":{"rendered":"https:\/\/www.swiss-composite.ch\/situation-due-aux-coronavirus\/"},"modified":"2020-04-14T15:40:03","modified_gmt":"2020-04-14T13:40:03","slug":"situation-due-aux-coronavirus","status":"publish","type":"page","link":"https:\/\/www.swiss-composite.ch\/fr\/situation-due-aux-coronavirus\/","title":{"rendered":"Situation due aux coronavirus"},"content":{"rendered":"<div class=\"flex_column av_one_full  flex_column_div av-zero-column-padding first  \" style='border-radius:0px; '><section class=\"av_textblock_section \"  itemscope=\"itemscope\" itemtype=\"https:\/\/schema.org\/CreativeWork\" ><div class='avia_textblock  '   itemprop=\"text\" ><h3 class=\"no_margin\">Coronavirus<\/h3>\n<p class=\"no_margin\"><sup><em>Stand \/ au \/ as of 27.03.2020 12:00<\/em><\/sup><\/p>\n<p class=\"no_margin\">Die Post passt aufgrund der hohen Auslastung und zum Schutz der Mitarbeiter das Angebot an:<\/p>\n<ul>\n<li class=\"no_margin\"><strong>F\u00fcr Sperrgut wird die Maximalgr\u00f6sse reduziert:<\/strong>\n<ul>\n<li class=\"no_margin\"><em>Die maximale L\u00e4nge der einzelnen Seiten betr\u00e4gt 150 cm \/ 80 cm \/ 60 cm. F\u00fcr die Kombination der Seiten gilt ein maximales Gurtmass von 350 cm (2 \u00d7 H\u00f6he + 2 \u00d7 Breite + 1 \u00d7 l\u00e4ngste Seite), Gewicht bis 30 kg.<\/em><br \/>\n <strong>Daher k\u00f6nnen Produkte wie Rohre, \u00fcberbreite Gewebe und Folien, usw. nur als St\u00fcckgut per Camion versendet werden. Dies verursacht entsprechend h\u00f6here Versandkosten. Diese werden Ihnen im Warenkorb angezeigt.<\/strong><br \/>\n <strong>Alternativ k\u00f6nnen Sie die im Voraus bestellte Ware bei uns abholen kommen.<\/strong><br \/>\n <strong>Wir danken Ihnen f\u00fcr Ihr Verst\u00e4ndnis!<\/strong><\/li>\n<\/ul>\n<\/li>\n<li><strong>Bef\u00f6rderungszeiten:<\/strong>\n<ul>\n<li><em><strong>Pakete:\u00a0<\/strong><\/em><em>Aufgrund des hohen Sendungsvolumens k\u00f6nnen die regul\u00e4ren Bef\u00f6rderungszeiten f\u00fcr Pakete momentan nicht in allen F\u00e4llen eingehalten werden.<\/em><\/li>\n<li><em><strong>Briefe:<\/strong>\u00a0Die Post stellt Briefe und Zeitungen in der ganzen Schweiz zu \u2013 teilweise jedoch\u00a0etwas sp\u00e4ter\u00a0als gewohnt.<\/em><\/li>\n<\/ul>\n<\/li>\n<\/ul>\n<p class=\"no_margin\">Die offizielle Mitteilung finden Sie hier:<\/p>\n<p class=\"no_margin\"><a href=\"https:\/\/www.post.ch\/de\/pages\/corona\/anpassungen-im-angebot\" target=\"_blank\" rel=\"noopener noreferrer\">https:\/\/www.post.ch\/de\/pages\/corona\/anpassungen-im-angebot<\/a><\/p>\n<p class=\"no_margin\">La Poste adapte sa gamme de services pour r\u00e9pondre \u00e0 la charge de travail \u00e9lev\u00e9e et pour prot\u00e9ger les employ\u00e9s :<\/p>\n<ul>\n<li class=\"no_margin\"><strong>La taille maximale sera r\u00e9duite pour les envois volumineux :<\/strong>\n<ul>\n<li class=\"no_margin\"><em>La longueur maximale des diff\u00e9rents c\u00f4t\u00e9s est de 150 cm \/ 80 cm \/ 60 cm. La dimension maximale de la circonf\u00e9rence est de 350 cm (2 \u00d7 hauteur + 2 \u00d7 largeur + 1 \u00d7 c\u00f4t\u00e9 le plus long), un poids maximal de 30 kg s&rsquo;applique \u00e0 la combinaison des c\u00f4t\u00e9s.<\/em><strong>Par cons\u00e9quent, les produits tels que les tuyaux, les tissus et les films extra-larges, etc. ne peuvent \u00eatre exp\u00e9di\u00e9s que par camion. Cela entra\u00eene des frais d&rsquo;exp\u00e9dition plus \u00e9lev\u00e9s. Ceux-ci sont indiqu\u00e9s dans le panier.<\/strong><br \/>\n <strong>Vous pouvez \u00e9galement venir chercher la marchandise apr\u00e8s l&rsquo;avoir command\u00e9e au pr\u00e9alable.<\/strong><br \/>\n <strong>Nous vous remercions de votre compr\u00e9hension !<\/strong><\/li>\n<\/ul>\n<\/li>\n<\/ul>\n<ul>\n<li class=\"no_margin\"><strong>Temps de transport :<\/strong>\n<ul>\n<li><em><strong>les colis :<\/strong>\u00a0En raison du volume \u00e9lev\u00e9 des envois, les d\u00e9lais de livraison r\u00e9guliers des colis ne peuvent pas \u00eatre respect\u00e9s dans tous les cas pour le moment.<\/em><\/li>\n<li><em><strong>Lettres :<\/strong>\u00a0La Poste Suisse distribue des lettres et des journaux dans toute la Suisse &#8211; mais certains d&rsquo;entre eux sont livr\u00e9s un peu plus tard que d&rsquo;habitude.<\/em><\/li>\n<\/ul>\n<\/li>\n<\/ul>\n<p class=\"no_margin\">L&rsquo;avis officiel se trouve ici :<\/p>\n<p class=\"no_margin\"><a href=\"https:\/\/www.post.ch\/fr\/pages\/corona\/adaptations-de-l-offre\" target=\"_blank\" rel=\"noopener noreferrer\">https:\/\/www.post.ch\/fr\/pages\/corona\/adaptations-de-l-offre<\/a><\/p>\n<p class=\"no_margin\">Swiss Post is adjusting its range of services in response to the high level of workload and to protect employees:<\/p>\n<ul>\n<li class=\"no_margin\"><strong>The maximum size will be reduced for bulky items:<\/strong><\/li>\n<li>\n<ul>\n<li><em>The maximum length of the individual sides is 150 cm \/ 80 cm \/ 60 cm. A maximum belt dimension of 350 cm (2 \u00d7 height + 2 \u00d7 width + 1 \u00d7 longest side), weight up to 30 kg applies to the combination of sides. <\/em><strong>Therefore, products such as pipes, extra-wide fabrics and films, etc. can only be shipped by truck. This causes correspondingly higher shipping costs. These are shown in the shopping cart.<\/strong><br \/>\n <strong>Alternatively, you can pick up the goods after pre-ordering from us<\/strong><br \/>\n <strong>We thank you for your understanding!<br \/>\n <\/strong><\/li>\n<\/ul>\n<\/li>\n<li><strong>Transport times:<\/strong>\n<ul>\n<li><em><strong>parcels:<\/strong>\u00a0Due to the high volume of shipments, the regular delivery times for parcels cannot be kept in all cases at the moment.<\/em><\/li>\n<li><em><strong>Letters:<\/strong>\u00a0Swiss Post delivers letters and newspapers throughout Switzerland &#8211; but some of them a little later than usual.<\/em><\/li>\n<\/ul>\n<\/li>\n<\/ul>\n<p class=\"no_margin\">The official notice can be found here:<\/p>\n<p class=\"no_margin\"><a href=\"https:\/\/www.post.ch\/en\/pages\/corona\" target=\"_blank\" rel=\"noopener noreferrer\">https:\/\/www.post.ch\/en\/pages\/corona<\/a><\/p>\n<hr \/>\n<p><sup><em>Stand \/ au \/ as of 16.03.2020 17:30<\/em><\/sup><\/p>\n<p>Unser Gesch\u00e4ft ist normal ge\u00f6ffnet. Sie k\u00f6nnen uns wie gewohnt telefonisch, per Mail oder per Fax erreichen. Bestellungen sind weiterhin auch in unserem Online-Shop m\u00f6glich. Wir werden weiterhin von unseren Lieferanten beliefert und auch der Warenversand funktioniert normal. Wir analysieren die aktuelle Lage laufend und werden auf \u00c4nderungen gegebenenfalls reagieren.\u00a0<strong>Wir bitten Sie jedoch bis auf Weiteres, auf Besuche zur Warenabholung oder Beratung zu verzichten<\/strong>.<\/p>\n<p>Notre entreprise est ouverte normalement. Vous pouvez nous contacter par t\u00e9l\u00e9phone, email ou fax comme d&rsquo;habitude. Les commandes peuvent toujours \u00eatre pass\u00e9es dans notre boutique en ligne. Nous continuons \u00e0 \u00eatre fournis par nos fournisseurs et l&rsquo;exp\u00e9dition des marchandises fonctionne \u00e9galement normalement. Nous analysons en permanence la situation actuelle et r\u00e9agirons aux changements si n\u00e9cessaire.\u00a0<strong>Cependant, jusqu&rsquo;\u00e0 nouvel ordre, nous vous prions de bien vouloir vous abstenir de visites pour r\u00e9cup\u00e9rer des marchandises ou des conseils.<\/strong><\/p>\n<p>Our company is open as usual. You can contact us by phone, email or fax as usual. Orders can also be placed in our online shop. We continue to be supplied by our suppliers and the shipping of goods also works normally.\u00a0We continuously analyze the current situation and will react to changes if necessary.\u00a0<strong>Until further notice, however, we kindly ask you to refrain from visits to collect goods or advice.<\/strong><\/p>\n<\/div><\/section><\/div>\n","protected":false},"excerpt":{"rendered":"","protected":false},"author":4,"featured_media":0,"parent":0,"menu_order":15,"comment_status":"closed","ping_status":"closed","template":"","meta":{"footnotes":""},"class_list":["post-34575","page","type-page","status-publish","hentry"],"yoast_head":"<!-- This site is optimized with the Yoast SEO plugin v28.3 - https:\/\/yoast.com\/product\/yoast-seo-wordpress\/ -->\n<title>Situation due aux coronavirus - Suter Kunststoffe AG<\/title>\n<meta name=\"description\" content=\"Suter Kunststoffe ist ein in der Schweiz f\u00fchrendes Unternehmen f\u00fcr Beratung und Verkauf von Faserverbundwerkstoffen und Fl\u00fcssigkunststoffen.\" \/>\n<meta name=\"robots\" content=\"index, follow, max-snippet:-1, max-image-preview:large, max-video-preview:-1\" \/>\n<link rel=\"canonical\" href=\"https:\/\/www.swiss-composite.ch\/fr\/situation-due-aux-coronavirus\/\" \/>\n<meta property=\"og:locale\" content=\"fr_FR\" \/>\n<meta property=\"og:type\" content=\"article\" \/>\n<meta property=\"og:title\" content=\"Situation due aux coronavirus - Suter Kunststoffe AG\" \/>\n<meta property=\"og:description\" content=\"Suter Kunststoffe ist ein in der Schweiz f\u00fchrendes Unternehmen f\u00fcr Beratung und Verkauf von Faserverbundwerkstoffen und Fl\u00fcssigkunststoffen.\" \/>\n<meta property=\"og:url\" content=\"https:\/\/www.swiss-composite.ch\/fr\/situation-due-aux-coronavirus\/\" \/>\n<meta property=\"og:site_name\" content=\"Suter Kunststoffe AG\" \/>\n<meta property=\"article:modified_time\" content=\"2020-04-14T13:40:03+00:00\" \/>\n<meta name=\"twitter:label1\" content=\"Dur\u00e9e de lecture estim\u00e9e\" \/>\n\t<meta name=\"twitter:data1\" content=\"4 minutes\" \/>\n<script type=\"application\/ld+json\" class=\"yoast-schema-graph\">{\"@context\":\"https:\\\/\\\/schema.org\",\"@graph\":[{\"@type\":\"WebPage\",\"@id\":\"https:\\\/\\\/www.swiss-composite.ch\\\/fr\\\/situation-due-aux-coronavirus\\\/\",\"url\":\"https:\\\/\\\/www.swiss-composite.ch\\\/fr\\\/situation-due-aux-coronavirus\\\/\",\"name\":\"Situation due aux coronavirus - Suter Kunststoffe AG\",\"isPartOf\":{\"@id\":\"https:\\\/\\\/www.swiss-composite.ch\\\/fr\\\/#website\"},\"datePublished\":\"2020-04-08T13:36:47+00:00\",\"dateModified\":\"2020-04-14T13:40:03+00:00\",\"description\":\"Suter Kunststoffe ist ein in der Schweiz f\u00fchrendes Unternehmen f\u00fcr Beratung und Verkauf von Faserverbundwerkstoffen und Fl\u00fcssigkunststoffen.\",\"breadcrumb\":{\"@id\":\"https:\\\/\\\/www.swiss-composite.ch\\\/fr\\\/situation-due-aux-coronavirus\\\/#breadcrumb\"},\"inLanguage\":\"fr-FR\",\"potentialAction\":[{\"@type\":\"ReadAction\",\"target\":[\"https:\\\/\\\/www.swiss-composite.ch\\\/fr\\\/situation-due-aux-coronavirus\\\/\"]}]},{\"@type\":\"BreadcrumbList\",\"@id\":\"https:\\\/\\\/www.swiss-composite.ch\\\/fr\\\/situation-due-aux-coronavirus\\\/#breadcrumb\",\"itemListElement\":[{\"@type\":\"ListItem\",\"position\":1,\"name\":\"Home\",\"item\":\"https:\\\/\\\/www.swiss-composite.ch\\\/fr\\\/\"},{\"@type\":\"ListItem\",\"position\":2,\"name\":\"Situation due aux coronavirus\"}]},{\"@type\":\"WebSite\",\"@id\":\"https:\\\/\\\/www.swiss-composite.ch\\\/fr\\\/#website\",\"url\":\"https:\\\/\\\/www.swiss-composite.ch\\\/fr\\\/\",\"name\":\"Suter Kunststoffe AG\",\"description\":\"Faserverbund- und Fl\u00fcssigkunststoffe\",\"potentialAction\":[{\"@type\":\"SearchAction\",\"target\":{\"@type\":\"EntryPoint\",\"urlTemplate\":\"https:\\\/\\\/www.swiss-composite.ch\\\/fr\\\/?s={search_term_string}\"},\"query-input\":{\"@type\":\"PropertyValueSpecification\",\"valueRequired\":true,\"valueName\":\"search_term_string\"}}],\"inLanguage\":\"fr-FR\"}]}<\/script>\n<!-- \/ Yoast SEO plugin. -->","yoast_head_json":{"title":"Situation due aux coronavirus - Suter Kunststoffe AG","description":"Suter Kunststoffe ist ein in der Schweiz f\u00fchrendes Unternehmen f\u00fcr Beratung und Verkauf von Faserverbundwerkstoffen und Fl\u00fcssigkunststoffen.","robots":{"index":"index","follow":"follow","max-snippet":"max-snippet:-1","max-image-preview":"max-image-preview:large","max-video-preview":"max-video-preview:-1"},"canonical":"https:\/\/www.swiss-composite.ch\/fr\/situation-due-aux-coronavirus\/","og_locale":"fr_FR","og_type":"article","og_title":"Situation due aux coronavirus - Suter Kunststoffe AG","og_description":"Suter Kunststoffe ist ein in der Schweiz f\u00fchrendes Unternehmen f\u00fcr Beratung und Verkauf von Faserverbundwerkstoffen und Fl\u00fcssigkunststoffen.","og_url":"https:\/\/www.swiss-composite.ch\/fr\/situation-due-aux-coronavirus\/","og_site_name":"Suter Kunststoffe AG","article_modified_time":"2020-04-14T13:40:03+00:00","twitter_misc":{"Dur\u00e9e de lecture estim\u00e9e":"4 minutes"},"schema":{"@context":"https:\/\/schema.org","@graph":[{"@type":"WebPage","@id":"https:\/\/www.swiss-composite.ch\/fr\/situation-due-aux-coronavirus\/","url":"https:\/\/www.swiss-composite.ch\/fr\/situation-due-aux-coronavirus\/","name":"Situation due aux coronavirus - Suter Kunststoffe AG","isPartOf":{"@id":"https:\/\/www.swiss-composite.ch\/fr\/#website"},"datePublished":"2020-04-08T13:36:47+00:00","dateModified":"2020-04-14T13:40:03+00:00","description":"Suter Kunststoffe ist ein in der Schweiz f\u00fchrendes Unternehmen f\u00fcr Beratung und Verkauf von Faserverbundwerkstoffen und Fl\u00fcssigkunststoffen.","breadcrumb":{"@id":"https:\/\/www.swiss-composite.ch\/fr\/situation-due-aux-coronavirus\/#breadcrumb"},"inLanguage":"fr-FR","potentialAction":[{"@type":"ReadAction","target":["https:\/\/www.swiss-composite.ch\/fr\/situation-due-aux-coronavirus\/"]}]},{"@type":"BreadcrumbList","@id":"https:\/\/www.swiss-composite.ch\/fr\/situation-due-aux-coronavirus\/#breadcrumb","itemListElement":[{"@type":"ListItem","position":1,"name":"Home","item":"https:\/\/www.swiss-composite.ch\/fr\/"},{"@type":"ListItem","position":2,"name":"Situation due aux coronavirus"}]},{"@type":"WebSite","@id":"https:\/\/www.swiss-composite.ch\/fr\/#website","url":"https:\/\/www.swiss-composite.ch\/fr\/","name":"Suter Kunststoffe AG","description":"Faserverbund- und Fl\u00fcssigkunststoffe","potentialAction":[{"@type":"SearchAction","target":{"@type":"EntryPoint","urlTemplate":"https:\/\/www.swiss-composite.ch\/fr\/?s={search_term_string}"},"query-input":{"@type":"PropertyValueSpecification","valueRequired":true,"valueName":"search_term_string"}}],"inLanguage":"fr-FR"}]}},"_links":{"self":[{"href":"https:\/\/www.swiss-composite.ch\/fr\/wp-json\/wp\/v2\/pages\/34575","targetHints":{"allow":["GET"]}}],"collection":[{"href":"https:\/\/www.swiss-composite.ch\/fr\/wp-json\/wp\/v2\/pages"}],"about":[{"href":"https:\/\/www.swiss-composite.ch\/fr\/wp-json\/wp\/v2\/types\/page"}],"author":[{"embeddable":true,"href":"https:\/\/www.swiss-composite.ch\/fr\/wp-json\/wp\/v2\/users\/4"}],"replies":[{"embeddable":true,"href":"https:\/\/www.swiss-composite.ch\/fr\/wp-json\/wp\/v2\/comments?post=34575"}],"version-history":[{"count":3,"href":"https:\/\/www.swiss-composite.ch\/fr\/wp-json\/wp\/v2\/pages\/34575\/revisions"}],"predecessor-version":[{"id":34705,"href":"https:\/\/www.swiss-composite.ch\/fr\/wp-json\/wp\/v2\/pages\/34575\/revisions\/34705"}],"wp:attachment":[{"href":"https:\/\/www.swiss-composite.ch\/fr\/wp-json\/wp\/v2\/media?parent=34575"}],"curies":[{"name":"wp","href":"https:\/\/api.w.org\/{rel}","templated":true}]}}